{"id":23,"date":"2023-12-20T19:21:00","date_gmt":"2023-12-20T19:21:00","guid":{"rendered":"https:\/\/www.dergastrofuchs.de\/?page_id=23"},"modified":"2025-01-01T12:50:22","modified_gmt":"2025-01-01T12:50:22","slug":"leihkoch-gastkoch","status":"publish","type":"page","link":"https:\/\/www.dergastrofuchs.de\/?page_id=23","title":{"rendered":"Leihkoch\/Gastkoch"},"content":{"rendered":"<div class=\"wp-block-image\">\n<figure class=\"aligncenter size-large is-resized\"><img loading=\"lazy\" decoding=\"async\" width=\"473\" height=\"1024\" src=\"https:\/\/www.dergastrofuchs.de\/wp-content\/uploads\/2023\/12\/RC-Koch-473x1024.png\" alt=\"\" class=\"wp-image-272\" style=\"width:263px;height:auto\" srcset=\"https:\/\/www.dergastrofuchs.de\/wp-content\/uploads\/2023\/12\/RC-Koch-473x1024.png 473w, https:\/\/www.dergastrofuchs.de\/wp-content\/uploads\/2023\/12\/RC-Koch-139x300.png 139w, https:\/\/www.dergastrofuchs.de\/wp-content\/uploads\/2023\/12\/RC-Koch-768x1662.png 768w, https:\/\/www.dergastrofuchs.de\/wp-content\/uploads\/2023\/12\/RC-Koch-710x1536.png 710w, https:\/\/www.dergastrofuchs.de\/wp-content\/uploads\/2023\/12\/RC-Koch-946x2048.png 946w, https:\/\/www.dergastrofuchs.de\/wp-content\/uploads\/2023\/12\/RC-Koch.png 1242w\" sizes=\"(max-width: 473px) 100vw, 473px\" \/><\/figure><\/div>\n\n\n<p class=\"has-vivid-red-color has-text-color has-link-color has-medium-font-size wp-elements-cd4891645e88a25a6ded9c73b826461f\">Ich bin Ma\u00eetre de Cuisine und \u00fcbernehme gerne f\u00fcr Sie Urlaubsvertretungen + Krankheitsvertretungen in Ihrer K\u00fcche.<\/p>\n\n\n\n<p class=\"has-vivid-red-color has-text-color has-link-color has-medium-font-size wp-elements-ec80fed42c98ed3fd4aa10398b3cd8ad\">Au\u00dferdem bin ich als K\u00fcchenchef einsetzbar.<\/p>\n\n\n\n<p class=\"has-vivid-red-color has-text-color has-link-color has-medium-font-size wp-elements-bd50f989c7f1371a0c5c663148c637a8\">Auch \u00fcbernehme ich zeitlich begrenzte Ausbildervertretungen f\u00fcr die auszubildenden Berufe, Restaurantfachman\/- frau,  Koch\/K\u00f6chin und Fachkraft im Gastgewerbe.<\/p>\n\n\n\n<p class=\"has-vivid-red-color has-text-color has-link-color has-medium-font-size wp-elements-adf439650a51520691c8de61d80fc2eb\">Oder Sie k\u00f6nnen mich als Gastkoch buchen, etwa f\u00fcr einen Event.<\/p>\n\n\n\n<p class=\"has-vivid-red-color has-text-color has-link-color has-medium-font-size wp-elements-c1e975a1447262eb1f3ccc36b12e42c1\">Ich bin kalkulations- und einkaufssicher und koche die Deutsche K\u00fcche, Hessische K\u00fcche,                Bayrische K\u00fcche, B\u00f6hmische K\u00fcche, mediterrane K\u00fcche, italienische K\u00fcche, Fischk\u00fcche, Steakhousek\u00fcche ebenso, wie Kuchen- und Tortenherstellung.<\/p>\n\n\n\n<p class=\"has-vivid-red-color has-text-color has-link-color has-medium-font-size wp-elements-f8b0262e4c734c1fe03f2bcc0e18484a\">Sollte also bei Ihnen Bedarf bestehen, sind Sie hier an der richtigen Stelle!<\/p>\n\n\n\n<p class=\"has-vivid-red-color has-text-color has-link-color has-medium-font-size wp-elements-b6c84e629391da7a512d620b2b594e55\">F\u00fcr eine kurze \u00dcbersicht meiner Kochk\u00fcnste, \u00fcberzeugen Sie sich bitte auf meiner <strong>&#8222;Schwestern-Website&#8220; <\/strong><\/p>\n\n\n\n<p class=\"has-text-align-center has-luminous-vivid-orange-color has-text-color has-link-color has-large-font-size wp-elements-de8b9f1e19a845b9390913ad2f8d41f5\"><strong><a href=\"http:\/\/www.culinary24.de\">www.culinary24.de <\/a><\/strong><\/p>\n\n\n\n<p class=\"has-small-font-size\">.<\/p>\n\n\n\n<p class=\"has-vivid-red-color has-text-color has-link-color has-medium-font-size wp-elements-3a0ea56de23b6263b9ffa39eb89f5f57\">Hier k\u00f6nnen Sie sich in verschiednen K\u00fcchenrichtungen f\u00fcr <strong><em>Mehr-G\u00e4nge-Men\u00fcs, der Deutschen K\u00fcche, Internationalen K\u00fcche, Mediterranen K\u00fcche, Gourmetk\u00fcche, Vegetarischen K\u00fcche, Fischk\u00fcche, sowie Steaks, Wild und Gefl\u00fcgel<\/em> <\/strong>einen \u00dcberblick verschaffen. (Siehe auch Culinary24-Galerie)<\/p>\n\n\n\n<p class=\"has-vivid-red-color has-text-color has-link-color has-medium-font-size wp-elements-146802387cde7e092d84d9f0727bbdd7\">Au\u00dferdem koche ich auch regionale K\u00fcchen, wie <strong><em>B\u00f6hmische K\u00fcche, Hessische K\u00fcche, Badische K\u00fcche, Nordische K\u00fcche, \u00d6stereischische K\u00fcche, Fr\u00e4nkische K\u00fcche, Bayerische K\u00fcche<\/em><\/strong> usw..  <\/p>\n\n\n\n<p class=\"has-luminous-vivid-orange-color has-text-color has-link-color has-medium-font-size wp-elements-9d87ebd5f990e3c302376aba14ddbaac\"><strong>Ich bin flexibel und koche, was Sie m\u00f6chten, denn ich bin <em>der Koch mit Fantasie!<\/em><\/strong><\/p>\n\n\n\n<p class=\"has-vivid-red-color has-text-color has-link-color has-medium-font-size wp-elements-17af29522b099c4bbb67eeb25d2013e8\">Rufen Sie mich ganz einfach an oder senden Sie mir eine E-Mail<\/p>\n\n\n\n<p class=\"has-vivid-red-color has-text-color has-link-color has-medium-font-size wp-elements-3b9c57e7781ea01219be1a1b120594e2\"><strong>Ihr Ronald Christ<\/strong><\/p>\n\n\n\n<p class=\"has-text-color has-link-color has-medium-font-size wp-elements-241d6554515fd1e773c76f925acc96e6\" style=\"color:#1aaa75\"><strong>Ma\u00eetre de Cuisine<\/strong><\/p>\n\n\n\n<p class=\"has-luminous-vivid-orange-color has-text-color has-link-color has-medium-font-size wp-elements-f5ca20e7730548fd4896457db44f452a\"><strong>Hier einige Impressionen meiner Leistungen<\/strong> (mehr auf www.culinary24.de-Galerie)<\/p>\n\n\n\n<figure class=\"wp-block-gallery has-nested-images columns-default is-cropped wp-block-gallery-1 is-layout-flex wp-block-gallery-is-layout-flex\">\n<figure class=\"wp-block-image size-large\"><img loading=\"lazy\" decoding=\"async\" width=\"678\" height=\"313\" data-id=\"362\" src=\"https:\/\/www.dergastrofuchs.de\/wp-content\/uploads\/2023\/12\/Roastbeef.jpg\" alt=\"\" class=\"wp-image-362\" srcset=\"https:\/\/www.dergastrofuchs.de\/wp-content\/uploads\/2023\/12\/Roastbeef.jpg 678w, https:\/\/www.dergastrofuchs.de\/wp-content\/uploads\/2023\/12\/Roastbeef-300x138.jpg 300w\" sizes=\"(max-width: 678px) 100vw, 678px\" \/><figcaption class=\"wp-element-caption\">Roastbeef<\/figcaption><\/figure>\n\n\n\n<figure class=\"wp-block-image size-large\"><img loading=\"lazy\" decoding=\"async\" width=\"674\" height=\"505\" data-id=\"360\" src=\"https:\/\/www.dergastrofuchs.de\/wp-content\/uploads\/2023\/12\/Orangen-VS.jpg\" alt=\"\" class=\"wp-image-360\" srcset=\"https:\/\/www.dergastrofuchs.de\/wp-content\/uploads\/2023\/12\/Orangen-VS.jpg 674w, https:\/\/www.dergastrofuchs.de\/wp-content\/uploads\/2023\/12\/Orangen-VS-300x225.jpg 300w\" sizes=\"(max-width: 674px) 100vw, 674px\" \/><figcaption class=\"wp-element-caption\">Mediterrane Vorspeise<\/figcaption><\/figure>\n\n\n\n<figure class=\"wp-block-image size-large\"><img loading=\"lazy\" decoding=\"async\" width=\"505\" height=\"672\" data-id=\"361\" src=\"https:\/\/www.dergastrofuchs.de\/wp-content\/uploads\/2023\/12\/Rinderrollade.jpg\" alt=\"\" class=\"wp-image-361\" srcset=\"https:\/\/www.dergastrofuchs.de\/wp-content\/uploads\/2023\/12\/Rinderrollade.jpg 505w, https:\/\/www.dergastrofuchs.de\/wp-content\/uploads\/2023\/12\/Rinderrollade-225x300.jpg 225w\" sizes=\"(max-width: 505px) 100vw, 505px\" \/><figcaption class=\"wp-element-caption\">Rinder Roulllade<\/figcaption><\/figure>\n\n\n\n<figure class=\"wp-block-image size-large\"><img loading=\"lazy\" decoding=\"async\" width=\"436\" height=\"582\" data-id=\"358\" src=\"https:\/\/www.dergastrofuchs.de\/wp-content\/uploads\/2023\/12\/Schwarzwaelder.jpg\" alt=\"\" class=\"wp-image-358\" srcset=\"https:\/\/www.dergastrofuchs.de\/wp-content\/uploads\/2023\/12\/Schwarzwaelder.jpg 436w, https:\/\/www.dergastrofuchs.de\/wp-content\/uploads\/2023\/12\/Schwarzwaelder-225x300.jpg 225w\" sizes=\"(max-width: 436px) 100vw, 436px\" \/><figcaption class=\"wp-element-caption\">Schwarzw\u00e4lder Kirch<\/figcaption><\/figure>\n\n\n\n<figure class=\"wp-block-image size-large\"><img loading=\"lazy\" decoding=\"async\" width=\"680\" height=\"510\" data-id=\"359\" src=\"https:\/\/www.dergastrofuchs.de\/wp-content\/uploads\/2023\/12\/Kaesecreme.jpg\" alt=\"\" class=\"wp-image-359\" srcset=\"https:\/\/www.dergastrofuchs.de\/wp-content\/uploads\/2023\/12\/Kaesecreme.jpg 680w, https:\/\/www.dergastrofuchs.de\/wp-content\/uploads\/2023\/12\/Kaesecreme-300x225.jpg 300w\" sizes=\"(max-width: 680px) 100vw, 680px\" \/><figcaption class=\"wp-element-caption\">K\u00e4se-Creme-Speise<\/figcaption><\/figure>\n\n\n\n<figure class=\"wp-block-image size-large\"><img loading=\"lazy\" decoding=\"async\" width=\"768\" height=\"1024\" data-id=\"236\" src=\"https:\/\/www.dergastrofuchs.de\/wp-content\/uploads\/2023\/12\/Senf-Eier-768x1024.jpeg\" alt=\"\" class=\"wp-image-236\" srcset=\"https:\/\/www.dergastrofuchs.de\/wp-content\/uploads\/2023\/12\/Senf-Eier-768x1023.jpeg 768w, https:\/\/www.dergastrofuchs.de\/wp-content\/uploads\/2023\/12\/Senf-Eier-225x300.jpeg 225w, https:\/\/www.dergastrofuchs.de\/wp-content\/uploads\/2023\/12\/Senf-Eier-1153x1536.jpeg 1153w, https:\/\/www.dergastrofuchs.de\/wp-content\/uploads\/2023\/12\/Senf-Eier-1537x2048.jpeg 1537w, https:\/\/www.dergastrofuchs.de\/wp-content\/uploads\/2023\/12\/Senf-Eier.jpeg 1816w\" sizes=\"(max-width: 768px) 100vw, 768px\" \/><figcaption class=\"wp-element-caption\">Senfeier<\/figcaption><\/figure>\n\n\n\n<figure class=\"wp-block-image size-large\"><img loading=\"lazy\" decoding=\"async\" width=\"769\" height=\"1024\" data-id=\"235\" src=\"https:\/\/www.dergastrofuchs.de\/wp-content\/uploads\/2023\/12\/Schnitzel-i.d.Pfanne-769x1024.jpeg\" alt=\"\" class=\"wp-image-235\" srcset=\"https:\/\/www.dergastrofuchs.de\/wp-content\/uploads\/2023\/12\/Schnitzel-i.d.Pfanne-769x1024.jpeg 769w, https:\/\/www.dergastrofuchs.de\/wp-content\/uploads\/2023\/12\/Schnitzel-i.d.Pfanne-225x300.jpeg 225w, https:\/\/www.dergastrofuchs.de\/wp-content\/uploads\/2023\/12\/Schnitzel-i.d.Pfanne-768x1023.jpeg 768w, https:\/\/www.dergastrofuchs.de\/wp-content\/uploads\/2023\/12\/Schnitzel-i.d.Pfanne-1153x1536.jpeg 1153w, https:\/\/www.dergastrofuchs.de\/wp-content\/uploads\/2023\/12\/Schnitzel-i.d.Pfanne.jpeg 1501w\" sizes=\"(max-width: 769px) 100vw, 769px\" \/><figcaption class=\"wp-element-caption\">Schnitzel<\/figcaption><\/figure>\n\n\n\n<figure class=\"wp-block-image size-large\"><img loading=\"lazy\" decoding=\"async\" width=\"769\" height=\"1024\" data-id=\"228\" src=\"https:\/\/www.dergastrofuchs.de\/wp-content\/uploads\/2023\/12\/Lachssteak-769x1024.jpeg\" alt=\"\" class=\"wp-image-228\" srcset=\"https:\/\/www.dergastrofuchs.de\/wp-content\/uploads\/2023\/12\/Lachssteak-769x1024.jpeg 769w, https:\/\/www.dergastrofuchs.de\/wp-content\/uploads\/2023\/12\/Lachssteak-225x300.jpeg 225w, https:\/\/www.dergastrofuchs.de\/wp-content\/uploads\/2023\/12\/Lachssteak-768x1023.jpeg 768w, https:\/\/www.dergastrofuchs.de\/wp-content\/uploads\/2023\/12\/Lachssteak-1153x1536.jpeg 1153w, https:\/\/www.dergastrofuchs.de\/wp-content\/uploads\/2023\/12\/Lachssteak.jpeg 1501w\" sizes=\"(max-width: 769px) 100vw, 769px\" \/><figcaption class=\"wp-element-caption\">Lachssteak<\/figcaption><\/figure>\n\n\n\n<figure class=\"wp-block-image size-large\"><img loading=\"lazy\" decoding=\"async\" width=\"769\" height=\"1024\" data-id=\"218\" src=\"https:\/\/www.dergastrofuchs.de\/wp-content\/uploads\/2023\/12\/K-4-Fisch-769x1024.jpeg\" alt=\"\" class=\"wp-image-218\" srcset=\"https:\/\/www.dergastrofuchs.de\/wp-content\/uploads\/2023\/12\/K-4-Fisch-769x1024.jpeg 769w, https:\/\/www.dergastrofuchs.de\/wp-content\/uploads\/2023\/12\/K-4-Fisch-225x300.jpeg 225w, https:\/\/www.dergastrofuchs.de\/wp-content\/uploads\/2023\/12\/K-4-Fisch-768x1023.jpeg 768w, https:\/\/www.dergastrofuchs.de\/wp-content\/uploads\/2023\/12\/K-4-Fisch-1153x1536.jpeg 1153w, https:\/\/www.dergastrofuchs.de\/wp-content\/uploads\/2023\/12\/K-4-Fisch.jpeg 1501w\" sizes=\"(max-width: 769px) 100vw, 769px\" \/><figcaption class=\"wp-element-caption\">Kanapees<\/figcaption><\/figure>\n<\/figure>\n","protected":false},"excerpt":{"rendered":"<p>Ich bin Ma\u00eetre de Cuisine und \u00fcbernehme gerne f\u00fcr Sie Urlaubsvertretungen + Krankheitsvertretungen in Ihrer K\u00fcche. Au\u00dferdem bin ich als K\u00fcchenchef einsetzbar. Auch \u00fcbernehme ich zeitlich begrenzte Ausbildervertretungen f\u00fcr die auszubildenden Berufe, Restaurantfachman\/- frau, Koch\/K\u00f6chin und Fachkraft im Gastgewerbe. Oder Sie k\u00f6nnen mich als Gastkoch buchen, etwa f\u00fcr einen Event. Ich bin kalkulations- und einkaufssicher [&hellip;]<\/p>\n","protected":false},"author":1,"featured_media":0,"parent":0,"menu_order":0,"comment_status":"closed","ping_status":"closed","template":"","meta":{"footnotes":""},"_links":{"self":[{"href":"https:\/\/www.dergastrofuchs.de\/index.php?rest_route=\/wp\/v2\/pages\/23"}],"collection":[{"href":"https:\/\/www.dergastrofuchs.de\/index.php?rest_route=\/wp\/v2\/pages"}],"about":[{"href":"https:\/\/www.dergastrofuchs.de\/index.php?rest_route=\/wp\/v2\/types\/page"}],"author":[{"embeddable":true,"href":"https:\/\/www.dergastrofuchs.de\/index.php?rest_route=\/wp\/v2\/users\/1"}],"replies":[{"embeddable":true,"href":"https:\/\/www.dergastrofuchs.de\/index.php?rest_route=%2Fwp%2Fv2%2Fcomments&post=23"}],"version-history":[{"count":11,"href":"https:\/\/www.dergastrofuchs.de\/index.php?rest_route=\/wp\/v2\/pages\/23\/revisions"}],"predecessor-version":[{"id":849,"href":"https:\/\/www.dergastrofuchs.de\/index.php?rest_route=\/wp\/v2\/pages\/23\/revisions\/849"}],"wp:attachment":[{"href":"https:\/\/www.dergastrofuchs.de\/index.php?rest_route=%2Fwp%2Fv2%2Fmedia&parent=23"}],"curies":[{"name":"wp","href":"https:\/\/api.w.org\/{rel}","templated":true}]}}